{"id":2,"date":"2023-12-04T15:17:56","date_gmt":"2023-12-04T18:17:56","guid":{"rendered":"https:\/\/espacos.info\/wp\/profhenriqueandrade\/?page_id=2"},"modified":"2024-03-17T12:05:35","modified_gmt":"2024-03-17T15:05:35","slug":"pagina-exemplo","status":"publish","type":"page","link":"https:\/\/espacos.info\/wp\/profhenriqueandrade\/","title":{"rendered":"P\u00e1gina de exemplo"},"content":{"rendered":"<p>[et_pb_section fb_built=&#8221;1&#8243; admin_label=&#8221;section&#8221; _builder_version=&#8221;4.6.4&#8243; background_color=&#8221;#0e2f47&#8243; custom_margin=&#8221;0px|0px|0px|0px|false|false&#8221; custom_padding=&#8221;0px|0px|0px|0px|false|false&#8221;][et_pb_row column_structure=&#8221;1_2,1_2&#8243; admin_label=&#8221;row&#8221; _builder_version=&#8221;4.6.4&#8243; background_enable_image=&#8221;off&#8221; background_size=&#8221;initial&#8221; background_position=&#8221;top_left&#8221; background_repeat=&#8221;repeat&#8221; width=&#8221;100%&#8221; max_width=&#8221;100%&#8221; custom_margin=&#8221;0px|0px|0px|0px|false|false&#8221; custom_padding=&#8221;0px|0px|0px|0px|false|false&#8221;][et_pb_column type=&#8221;1_2&#8243; _builder_version=&#8221;3.25&#8243; custom_padding=&#8221;|||&#8221; custom_padding__hover=&#8221;|||&#8221;][et_pb_image src=&#8221;https:\/\/espacos.info\/wp\/profhenriqueandrade\/wp-content\/uploads\/sites\/4\/2023\/12\/henrique-andrade.jpg&#8221; title_text=&#8221;henrique-andrade&#8221; force_fullwidth=&#8221;on&#8221; _builder_version=&#8221;4.6.4&#8243; _module_preset=&#8221;default&#8221; background_enable_image=&#8221;off&#8221;][\/et_pb_image][\/et_pb_column][et_pb_column type=&#8221;1_2&#8243; _builder_version=&#8221;3.25&#8243; custom_padding=&#8221;|||&#8221; custom_padding__hover=&#8221;|||&#8221;][et_pb_text _builder_version=&#8221;4.6.4&#8243; _module_preset=&#8221;default&#8221; header_font=&#8221;Lilita One||||||||&#8221; header_text_color=&#8221;#ffffff&#8221; header_font_size=&#8221;71px&#8221; header_2_line_height=&#8221;1.5em&#8221; custom_margin=&#8221;20%|5%|15%|5%|false|false&#8221; custom_margin_tablet=&#8221;0%||5%||false|false&#8221; custom_margin_phone=&#8221;5%||||false|false&#8221; custom_margin_last_edited=&#8221;on|desktop&#8221;]<\/p>\n<h1><span style=\"color: #ffffff;\">Prof Henrique Andrade,<\/span><br \/> <span style=\"color: #ffffff;\"> Personal Trainer<\/span><\/h1>\n<h2><\/h2>\n<h2><span color=\"#ffffff\" style=\"color: #ffffff;\"><\/span><\/h2>\n<h2><span color=\"#ffffff\" style=\"color: #ffffff;\"><\/span><\/h2>\n<h2><span style=\"font-size: 22px; color: #ffffff;\">Mestre em Ci\u00eancias da Sa\u00fade e Especialista em Prescri\u00e7\u00e3o de Exerc\u00edcio F\u00edsico\u00a0para Grupos Especiais<\/span><\/h2>\n<p><span color=\"#ffffff\" style=\"color: #ffffff;\"><\/span><\/p>\n<p><span color=\"#ffffff\" style=\"color: #ffffff;\"><\/span><\/p>\n<h2><span color=\"#ffffff\" style=\"color: #00ccff;\">Ajudo pessoas com doen\u00e7as cr\u00f4nicas a melhorar o seu tratamento atrav\u00e9s do exerc\u00edcio f\u00edsico com seguran\u00e7a<\/span><\/h2>\n<p><span color=\"#ffffff\" style=\"color: #ffffff;\"><\/span><\/p>\n<p><span color=\"#ffffff\" style=\"color: #ffffff;\"><\/span><\/p>\n<p><span color=\"#ffffff\" style=\"color: #ffffff;\"><\/span><\/p>\n<h5><span style=\"font-size: 22px; color: #ffffff;\"><br \/> Aulas Presenciais em S\u00e3o Paulo e online<\/span><\/h5>\n<h4><\/h4>\n<p>[\/et_pb_text][et_pb_button button_url=&#8221;https:\/\/api.whatsapp.com\/send?phone=5512997943393&#038;text=Ol\u00e1!%20vim%20do%20site%20e%20tenho%20interesse%20em&#8230;&#8221; button_text=&#8221;Agende pelo Whatsapp&#8221; button_alignment=&#8221;left&#8221; _builder_version=&#8221;4.6.4&#8243; _module_preset=&#8221;default&#8221; background_layout=&#8221;dark&#8221; custom_margin=&#8221;||3em|5%|false|false&#8221; custom_padding=&#8221;||||false|false&#8221; custom_padding_tablet=&#8221;&#8221; custom_padding_phone=&#8221;&#8221; custom_padding_last_edited=&#8221;on|phone&#8221;][\/et_pb_button][\/et_pb_column][\/et_pb_row][\/et_pb_section][et_pb_section fb_built=&#8221;1&#8243; module_id=&#8221;sobre&#8221; _builder_version=&#8221;4.6.4&#8243; _module_preset=&#8221;default&#8221;][et_pb_row column_structure=&#8221;1_2,1_2&#8243; _builder_version=&#8221;4.6.4&#8243; _module_preset=&#8221;default&#8221; max_width=&#8221;100%&#8221;][et_pb_column type=&#8221;1_2&#8243; _builder_version=&#8221;4.6.4&#8243; _module_preset=&#8221;default&#8221;][et_pb_text _builder_version=&#8221;4.6.4&#8243; _module_preset=&#8221;default&#8221; text_font=&#8221;Nunito||||||||&#8221; text_font_size=&#8221;20px&#8221; text_line_height=&#8221;1.6em&#8221; custom_margin=&#8221;auto||auto||false|false&#8221; custom_padding=&#8221;||||false|false&#8221;]<\/p>\n<p>O foco em sa\u00fade foi um fator preponderante para as escolhas na minha vida. Desde mudar o meu estilo de vida na inf\u00e2ncia para emagrecer at\u00e9 o momento da escolha do curso e faculdade que iria cursar. Deste ponto em diante, o aprofundamento na \u00e1rea da \u201csa\u00fade\u201d direcionou a minha trajet\u00f3ria profissional e os desafios a serem enfrentados, num segmento relativamente novo e quase inexplorado relacionado a \u00e1rea de Educa\u00e7\u00e3o F\u00edsica. Eis um breve resumo sobre a minha carreira:<\/p>\n<p>\u2022 Bacharel em Educa\u00e7\u00e3o F\u00edsica &#8211; Modalidade Sa\u00fade na UNIFESP;<br \/> \u2022 Mestre em Ci\u00eancias da Sa\u00fade na UNIFESP;<br \/> \u2022 Especialista em Prescri\u00e7\u00e3o de Exerc\u00edcio F\u00edsico para Grupos Especiais;<br \/> \u2022 Experi\u00eancia em prescri\u00e7\u00e3o de Exerc\u00edcio F\u00edsico para pacientes com C\u00e2ncer na USP; e para Hipertensos e Diab\u00e9ticos na UNIFESP;<br \/> \u2022 Primeiro autor em uma publica\u00e7\u00e3o cient\u00edfica em um peri\u00f3dico internacional sobre exerc\u00edcio f\u00edsico e hipertens\u00e3o arterial;<br \/> \u2022 Cursos de forma\u00e7\u00e3o profissional em m\u00e9todo Pilates e Treinamento Funcional.<\/p>\n<p>[\/et_pb_text][\/et_pb_column][et_pb_column type=&#8221;1_2&#8243; _builder_version=&#8221;4.6.4&#8243; _module_preset=&#8221;default&#8221;][et_pb_image src=&#8221;https:\/\/espacos.info\/wp\/profhenriqueandrade\/wp-content\/uploads\/sites\/4\/2024\/03\/IMG_6049.jpg&#8221; title_text=&#8221;IMG_6049&#8243; _builder_version=&#8221;4.6.4&#8243; _module_preset=&#8221;default&#8221; module_alignment=&#8221;center&#8221;][\/et_pb_image][\/et_pb_column][\/et_pb_row][\/et_pb_section][et_pb_section fb_built=&#8221;1&#8243; module_id=&#8221;doencas&#8221; _builder_version=&#8221;4.6.4&#8243; _module_preset=&#8221;default&#8221; background_color=&#8221;#d6d6d6&#8243;][et_pb_row column_structure=&#8221;1_2,1_2&#8243; _builder_version=&#8221;4.6.4&#8243; _module_preset=&#8221;default&#8221; max_width=&#8221;100%&#8221;][et_pb_column type=&#8221;1_2&#8243; _builder_version=&#8221;4.6.4&#8243; _module_preset=&#8221;default&#8221;][et_pb_image src=&#8221;https:\/\/espacos.info\/wp\/profhenriqueandrade\/wp-content\/uploads\/sites\/4\/2024\/03\/painel-dcnt.png&#8221; title_text=&#8221;painel-dcnt&#8221; _builder_version=&#8221;4.6.4&#8243; _module_preset=&#8221;default&#8221;][\/et_pb_image][\/et_pb_column][et_pb_column type=&#8221;1_2&#8243; _builder_version=&#8221;4.6.4&#8243; _module_preset=&#8221;default&#8221;][et_pb_text _builder_version=&#8221;4.6.4&#8243; _module_preset=&#8221;default&#8221; text_font=&#8221;Nunito||||||||&#8221; text_font_size=&#8221;20px&#8221; text_line_height=&#8221;1.6em&#8221;]<\/p>\n<p>As Doen\u00e7as Cr\u00f4nicas N\u00e3o Transmiss\u00edveis (DCNT) s\u00e3o um grupo de condi\u00e7\u00f5es de sa\u00fade que se desenvolvem ao longo da vida e n\u00e3o s\u00e3o transmitidas entre pessoas. Elas s\u00e3o multifatoriais e est\u00e3o associadas a diversos fatores de risco, como: uso de cigarro, consumo de \u00e1lcool excessivo, alimenta\u00e7\u00e3o n\u00e3o saud\u00e1vel e falta de atividade f\u00edsica.<\/p>\n<p>Doen\u00e7as Cardiovasculares:<br \/> \u2013 Hipertens\u00e3o Arterial Sist\u00eamica:<br \/> \u2013 Infarto Agudo do Mioc\u00e1rdio;<br \/> \u2013 Insufici\u00eancia Card\u00edaca;<\/p>\n<p>Doen\u00e7as Metab\u00f3licas:<br \/> \u2013 Diabetes Mellitus:<br \/> \u2013 Obesidade:<br \/> \u2013 S\u00edndrome Metab\u00f3lica;<\/p>\n<p>C\u00e2ncer.<\/p>\n<p>As DCNT s\u00e3o respons\u00e1veis por um grande n\u00famero de interna\u00e7\u00f5es hospitalares e mortes prematuras, al\u00e9m disso, os sobreviventes podem ter decl\u00ednio de funcionalidade (f\u00edsica e mental). Portanto, a preven\u00e7\u00e3o, promo\u00e7\u00e3o e reabilita\u00e7\u00e3o passam pela ado\u00e7\u00e3o de h\u00e1bitos saud\u00e1veis, como alimenta\u00e7\u00e3o equilibrada e exerc\u00edcio f\u00edsico regular.<\/p>\n<p>[\/et_pb_text][\/et_pb_column][\/et_pb_row][\/et_pb_section][et_pb_section fb_built=&#8221;1&#8243; module_id=&#8221;exercicios&#8221; _builder_version=&#8221;4.6.4&#8243; _module_preset=&#8221;default&#8221;][et_pb_row column_structure=&#8221;1_2,1_2&#8243; _builder_version=&#8221;4.6.4&#8243; _module_preset=&#8221;default&#8221; max_width=&#8221;100%&#8221;][et_pb_column type=&#8221;1_2&#8243; _builder_version=&#8221;4.6.4&#8243; _module_preset=&#8221;default&#8221;][et_pb_text _builder_version=&#8221;4.6.4&#8243; _module_preset=&#8221;default&#8221; text_font=&#8221;Nunito||||||||&#8221; text_font_size=&#8221;20px&#8221; text_line_height=&#8221;1.6em&#8221; custom_margin=&#8221;auto||auto||false|false&#8221; custom_padding=&#8221;||||false|false&#8221; inline_fonts=&#8221;Lilita One&#8221;]<\/p>\n<p>O exerc\u00edcio f\u00edsico \u00e9 composto por atividades planejadas e estruturadas, n\u00e3o farmacol\u00f3gicas, com o objetivo de melhorar ou manter os componentes f\u00edsicos, al\u00e9m disso, podem influenciar de modo positivo nos fatores psicossociais e contribuir para uma vida mais saud\u00e1vel e funcional.<\/p>\n<p>Os protocolos utilizados para avalia\u00e7\u00e3o global de sa\u00fade (f\u00edsico e mental) e prescri\u00e7\u00e3o de exerc\u00edcio f\u00edsico dos meus alunos\/clientes\/pacientes s\u00e3o embasados em evid\u00eancias cient\u00edficas, respeitam os princ\u00edpios da individualidade biol\u00f3gica e seguem as orienta\u00e7\u00f5es das principais organiza\u00e7\u00f5es mundiais relacionadas \u00e0 medicina esportiva e ci\u00eancia do exerc\u00edcio f\u00edsico.<\/p>\n<p><span style=\"font-family: 'Lilita One'; font-weight: normal; font-size: x-large;\">\u201cA sa\u00fade e o sedentarismo s\u00e3o incompat\u00edveis.\u201d<\/span><\/p>\n<p>[\/et_pb_text][\/et_pb_column][et_pb_column type=&#8221;1_2&#8243; _builder_version=&#8221;4.6.4&#8243; _module_preset=&#8221;default&#8221;][et_pb_image src=&#8221;https:\/\/espacos.info\/wp\/profhenriqueandrade\/wp-content\/uploads\/sites\/4\/2024\/03\/IMG_6084.jpg&#8221; title_text=&#8221;IMG_6084&#8243; _builder_version=&#8221;4.6.4&#8243; _module_preset=&#8221;default&#8221; module_alignment=&#8221;center&#8221;][\/et_pb_image][\/et_pb_column][\/et_pb_row][\/et_pb_section][et_pb_section fb_built=&#8221;1&#8243; module_id=&#8221;#contato&#8221; _builder_version=&#8221;4.6.4&#8243; _module_preset=&#8221;default&#8221; background_color=&#8221;#d6d6d6&#8243;][et_pb_row column_structure=&#8221;1_3,2_3&#8243; module_id=&#8221;contato&#8221; _builder_version=&#8221;4.6.4&#8243; _module_preset=&#8221;default&#8221; width=&#8221;90%&#8221; max_width=&#8221;90%&#8221;][et_pb_column type=&#8221;1_3&#8243; _builder_version=&#8221;4.6.4&#8243; _module_preset=&#8221;default&#8221;][et_pb_text _builder_version=&#8221;4.6.4&#8243; _module_preset=&#8221;default&#8221; header_font=&#8221;Lilita One||||||||&#8221; inline_fonts=&#8221;Nunito&#8221;]<\/p>\n<h1>Contato e Parcerias<\/h1>\n<p>&nbsp;<\/p>\n<p><span style=\"font-family: Nunito; font-weight: normal; font-size: large;\">Whatsapp: <strong><a href=\"https:\/\/wa.me\/5512997943393\">(12) 997943393<\/a><\/strong><\/span><\/p>\n<p><span style=\"font-family: Nunito; font-weight: normal; font-size: large;\">Email: <strong><a href=\"mailto:henriqueandrade.prof@gmail.com\" target=\"_blank\" rel=\"noopener noreferrer\">henriqueandrade.prof@gmail.com<\/a><\/strong><\/span><\/p>\n<p><span style=\"font-family: Nunito; font-weight: normal; font-size: large;\">Instagram: <a href=\"https:\/\/www.instagram.com\/henriqueandrade.prof\"><strong>Henrique Personal Trainer (@prof.henriqueandrade<\/strong>)<\/a><\/span><\/p>\n<p><span style=\"font-family: Nunito; font-weight: normal; font-size: large;\">Linkedin: <strong><a href=\"https:\/\/www.linkedin.com\/in\/luiz-henrique-soares-de-andrade-348105a1\/\">Henrique Andrade<\/a><\/strong><\/span><\/p>\n<p><span style=\"font-family: Nunito; font-weight: normal; font-size: large;\"><\/span><\/p>\n<p><span style=\"font-family: Nunito; font-weight: normal; font-size: large;\">Seja um parceiro, entre em contato!<\/span><\/p>\n<p>[\/et_pb_text][\/et_pb_column][et_pb_column type=&#8221;2_3&#8243; _builder_version=&#8221;4.6.4&#8243; _module_preset=&#8221;default&#8221;][\/et_pb_column][\/et_pb_row][\/et_pb_section]<\/p>\n","protected":false},"excerpt":{"rendered":"<p>[et_pb_section fb_built=&#8221;1&#8243; admin_label=&#8221;section&#8221; _builder_version=&#8221;4.6.4&#8243; background_color=&#8221;#0e2f47&#8243; custom_margin=&#8221;0px|0px|0px|0px|false|false&#8221; custom_padding=&#8221;0px|0px|0px|0px|false|false&#8221;][et_pb_row column_structure=&#8221;1_2,1_2&#8243; admin_label=&#8221;row&#8221; _builder_version=&#8221;4.6.4&#8243; background_enable_image=&#8221;off&#8221; background_size=&#8221;initial&#8221; background_position=&#8221;top_left&#8221; background_repeat=&#8221;repeat&#8221; width=&#8221;100%&#8221; max_width=&#8221;100%&#8221; custom_margin=&#8221;0px|0px|0px|0px|false|false&#8221; custom_padding=&#8221;0px|0px|0px|0px|false|false&#8221;][et_pb_column type=&#8221;1_2&#8243; _builder_version=&#8221;3.25&#8243; custom_padding=&#8221;|||&#8221; custom_padding__hover=&#8221;|||&#8221;][et_pb_image src=&#8221;https:\/\/espacos.info\/wp\/profhenriqueandrade\/wp-content\/uploads\/sites\/4\/2023\/12\/henrique-andrade.jpg&#8221; title_text=&#8221;henrique-andrade&#8221; force_fullwidth=&#8221;on&#8221; _builder_version=&#8221;4.6.4&#8243; _module_preset=&#8221;default&#8221; background_enable_image=&#8221;off&#8221;][\/et_pb_image][\/et_pb_column][et_pb_column type=&#8221;1_2&#8243; _builder_version=&#8221;3.25&#8243; custom_padding=&#8221;|||&#8221; custom_padding__hover=&#8221;|||&#8221;][et_pb_text _builder_version=&#8221;4.6.4&#8243; _module_preset=&#8221;default&#8221; header_font=&#8221;Lilita One||||||||&#8221; header_text_color=&#8221;#ffffff&#8221; header_font_size=&#8221;71px&#8221; header_2_line_height=&#8221;1.5em&#8221; custom_margin=&#8221;20%|5%|15%|5%|false|false&#8221; custom_margin_tablet=&#8221;0%||5%||false|false&#8221; custom_margin_phone=&#8221;5%||||false|false&#8221; custom_margin_last_edited=&#8221;on|desktop&#8221;] Prof Henrique Andrade, Personal Trainer Mestre em Ci\u00eancias da Sa\u00fade e Especialista [&hellip;]<\/p>\n","protected":false},"author":2,"featured_media":0,"parent":0,"menu_order":0,"comment_status":"closed","ping_status":"open","template":"","meta":{"_et_pb_use_builder":"on","_et_pb_old_content":"<!-- wp:paragraph -->\n<p>Esta \u00e9 uma p\u00e1gina de exemplo. \u00c9 diferente de um post no blog porque ela permanecer\u00e1 em um lugar e aparecer\u00e1 na navega\u00e7\u00e3o do seu site na maioria dos temas. Muitas pessoas come\u00e7am com uma p\u00e1gina que as apresenta a poss\u00edveis visitantes do site. Ela pode dizer algo assim:<\/p>\n<!-- \/wp:paragraph -->\n\n<!-- wp:quote -->\n<blockquote class=\"wp-block-quote\"><p>Ol\u00e1! Eu sou um mensageiro de bicicleta durante o dia, ator aspirante \u00e0 noite, e este \u00e9 o meu site. Eu moro em S\u00e3o Paulo, tenho um grande cachorro chamado Rex e gosto de tomar caipirinha (e banhos de chuva).<\/p><\/blockquote>\n<!-- \/wp:quote -->\n\n<!-- wp:paragraph -->\n<p>...ou alguma coisa assim:<\/p>\n<!-- \/wp:paragraph -->\n\n<!-- wp:quote -->\n<blockquote class=\"wp-block-quote\"><p>A Companhia de Miniaturas XYZ foi fundada em 1971, e desde ent\u00e3o tem fornecido miniaturas de qualidade ao p\u00fablico. Localizada na cidade de Itu, a XYZ emprega mais de 2.000 pessoas e faz coisas grandiosas para a comunidade da cidade.<\/p><\/blockquote>\n<!-- \/wp:quote -->\n\n<!-- wp:paragraph -->\n<p>Como um novo usu\u00e1rio do WordPress, voc\u00ea deveria ir ao <a href=\"https:\/\/espacos.info\/wp\/profhenriqueandrade\/wp-admin\/\">painel<\/a> para excluir essa p\u00e1gina e criar novas p\u00e1ginas para o seu conte\u00fado. Divirta-se!<\/p>\n<!-- \/wp:paragraph -->","_et_gb_content_width":"","footnotes":""},"class_list":["post-2","page","type-page","status-publish","hentry"],"_links":{"self":[{"href":"https:\/\/espacos.info\/wp\/profhenriqueandrade\/wp-json\/wp\/v2\/pages\/2","targetHints":{"allow":["GET"]}}],"collection":[{"href":"https:\/\/espacos.info\/wp\/profhenriqueandrade\/wp-json\/wp\/v2\/pages"}],"about":[{"href":"https:\/\/espacos.info\/wp\/profhenriqueandrade\/wp-json\/wp\/v2\/types\/page"}],"author":[{"embeddable":true,"href":"https:\/\/espacos.info\/wp\/profhenriqueandrade\/wp-json\/wp\/v2\/users\/2"}],"replies":[{"embeddable":true,"href":"https:\/\/espacos.info\/wp\/profhenriqueandrade\/wp-json\/wp\/v2\/comments?post=2"}],"version-history":[{"count":73,"href":"https:\/\/espacos.info\/wp\/profhenriqueandrade\/wp-json\/wp\/v2\/pages\/2\/revisions"}],"predecessor-version":[{"id":156,"href":"https:\/\/espacos.info\/wp\/profhenriqueandrade\/wp-json\/wp\/v2\/pages\/2\/revisions\/156"}],"wp:attachment":[{"href":"https:\/\/espacos.info\/wp\/profhenriqueandrade\/wp-json\/wp\/v2\/media?parent=2"}],"curies":[{"name":"wp","href":"https:\/\/api.w.org\/{rel}","templated":true}]}}